{"id":77,"date":"2017-10-21T10:26:35","date_gmt":"2017-10-21T08:26:35","guid":{"rendered":"https:\/\/www.waldcamp.at\/wordpress\/?page_id=77"},"modified":"2023-09-28T18:32:36","modified_gmt":"2023-09-28T16:32:36","slug":"waldklasse","status":"publish","type":"page","link":"https:\/\/www.waldcamp.at\/wordpress\/index.php\/kursangebot\/waldklasse\/","title":{"rendered":"waldKlasse"},"content":{"rendered":"\n<h2 class=\"wp-block-heading\">Kursinhalt<\/h2>\n\n\n\n<p>Ob als Kinder-, Jugendgruppe oder Schulklasse, f\u00fcr Geburtstage, Ausfl\u00fcge oder Projekttage, in dieser Kursreihe bieten wir f\u00fcr jede Alters- und Interessensgruppe ein passendes Programm an.<\/p>\n\n\n\n<p>Dabei k\u00f6nnen folgende Themen den Inhalt darstellen:<br>\u2022 Feuer herstellen und der sichere Umgang mit diesem<br>\u2022 der achtsame Umgang mit Messer, Axt und S\u00e4ge<br>\u2022 Herstellen von Gebrauchsgegenst\u00e4nden<br>\u2022 Bauen einer \u00dcberlebensh\u00fctte<br>\u2022 Tarnen und Schleichen<\/p>\n\n\n\n<p>Spielerisch erlernen und \u00fcben die TeilnehmerInnen ihre Wahrnehmung und Sensibilit\u00e4t, sowie deren Teamgeist und Zusammenhalt in der Gruppe. S\u00e4mtliches Wissen wird bei uns in Kleingruppen mit Hilfe von B\u00fcchern und unserem Lehrmeister, dem Wald, n\u00e4hergebracht.<\/p>\n\n\n\n<h2 class=\"wp-block-heading\">Kursablauf<\/h2>\n\n\n\n<p>Dieser Kurs kann stundenweise gebucht werden.<br>Der Inhalt wird individuell an Ihre W\u00fcnsche angepasst.<\/p>\n\n\n\n<h2 class=\"wp-block-heading\">TeilnehmerInnenalter<\/h2>\n\n\n\n<p>ab 6 Jahren (1. Klasse Volksschule)<\/p>\n\n\n\n<h2 class=\"wp-block-heading\">TeilnehmerInnenanzahl<\/h2>\n\n\n\n<p>mindestens 8 Teilnehmer<br>maximal 1 Schulklasse<\/p>\n\n\n\n<h2 class=\"wp-block-heading\">unverbindliche Anfrage<\/h2>\n\n\n\n\n<!-- iframe plugin v.6.0 wordpress.org\/plugins\/iframe\/ -->\n<iframe loading=\"lazy\" src=\"https:\/\/www.waldcamp.at\/buchung\/?type=Klasse\" width=\"100%\" height=\"850\" scrolling=\"yes\" class=\"iframe-class\" frameborder=\"0\"><\/iframe>\n\n","protected":false},"excerpt":{"rendered":"<p>Kursinhalt Ob als Kinder-, Jugendgruppe oder Schulklasse, f\u00fcr Geburtstage, Ausfl\u00fcge oder Projekttage, in dieser Kursreihe bieten wir f\u00fcr jede Alters- und Interessensgruppe ein passendes Programm an. Dabei k\u00f6nnen folgende Themen den Inhalt darstellen:\u2022 Feuer herstellen und der sichere Umgang mit diesem\u2022 der achtsame Umgang mit Messer, Axt und S\u00e4ge\u2022 Herstellen von Gebrauchsgegenst\u00e4nden\u2022 Bauen einer \u00dcberlebensh\u00fctte\u2022 &hellip; <\/p>\n<p class=\"link-more\"><a href=\"https:\/\/www.waldcamp.at\/wordpress\/index.php\/kursangebot\/waldklasse\/\" class=\"more-link\"><span class=\"screen-reader-text\">\u201ewaldKlasse\u201c <\/span>weiterlesen<\/a><\/p>\n","protected":false},"author":2,"featured_media":2502,"parent":1924,"menu_order":0,"comment_status":"closed","ping_status":"closed","template":"","meta":{"footnotes":""},"class_list":["post-77","page","type-page","status-publish","has-post-thumbnail","hentry"],"_links":{"self":[{"href":"https:\/\/www.waldcamp.at\/wordpress\/index.php\/wp-json\/wp\/v2\/pages\/77","targetHints":{"allow":["GET"]}}],"collection":[{"href":"https:\/\/www.waldcamp.at\/wordpress\/index.php\/wp-json\/wp\/v2\/pages"}],"about":[{"href":"https:\/\/www.waldcamp.at\/wordpress\/index.php\/wp-json\/wp\/v2\/types\/page"}],"author":[{"embeddable":true,"href":"https:\/\/www.waldcamp.at\/wordpress\/index.php\/wp-json\/wp\/v2\/users\/2"}],"replies":[{"embeddable":true,"href":"https:\/\/www.waldcamp.at\/wordpress\/index.php\/wp-json\/wp\/v2\/comments?post=77"}],"version-history":[{"count":23,"href":"https:\/\/www.waldcamp.at\/wordpress\/index.php\/wp-json\/wp\/v2\/pages\/77\/revisions"}],"predecessor-version":[{"id":2880,"href":"https:\/\/www.waldcamp.at\/wordpress\/index.php\/wp-json\/wp\/v2\/pages\/77\/revisions\/2880"}],"up":[{"embeddable":true,"href":"https:\/\/www.waldcamp.at\/wordpress\/index.php\/wp-json\/wp\/v2\/pages\/1924"}],"wp:featuredmedia":[{"embeddable":true,"href":"https:\/\/www.waldcamp.at\/wordpress\/index.php\/wp-json\/wp\/v2\/media\/2502"}],"wp:attachment":[{"href":"https:\/\/www.waldcamp.at\/wordpress\/index.php\/wp-json\/wp\/v2\/media?parent=77"}],"curies":[{"name":"wp","href":"https:\/\/api.w.org\/{rel}","templated":true}]}}